{"id":897,"date":"2019-07-16T11:44:36","date_gmt":"2019-07-16T18:44:36","guid":{"rendered":"http:\/\/www.rula.disabilityrightsca.org\/serr\/sp\/?page_id=897"},"modified":"2024-07-23T15:34:33","modified_gmt":"2024-07-23T22:34:33","slug":"13-2-cual-es-el-proposito-de-los-servicios-de-educacion-preescolar","status":"publish","type":"page","link":"https:\/\/serr.disabilityrightsca.org\/sp\/serr-manual\/capitulo-13-informacion-sobre-los-servicios-de-educacion-preescolar\/13-2-cual-es-el-proposito-de-los-servicios-de-educacion-preescolar\/","title":{"rendered":"(13.2) \u00bfCu\u00e1l es el prop\u00f3sito de los servicios de educaci\u00f3n preescolar?"},"content":{"rendered":"\n<p>La\nLegislatura de California establece que estos son uno de los beneficios de los\nprogramas de educaci\u00f3n preescolar proporcionados en un \u201centorno t\u00edpico\u201d y\nadecuado para los ni\u00f1os de corta edad, que cuentan con una participaci\u00f3n activa\nde sus padres:<\/p>\n\n\n\n<ul class=\"wp-block-list\"><li>Estos servicios reducen de manera significativa el\nimpacto potencial de cualquier trastorno de discapacidad y ayudan a prevenir el\ndesarrollo de trastornos de discapacidad secundarios;<\/li><li>Generan ventajas sustanciales en las siguientes\n\u00e1reas de desarrollo: f\u00edsico, cognitivo, habla y lenguaje, psicol\u00f3gicos y de\nauto ayuda; y <\/li><li>Reduce el estr\u00e9s familiar, la dependencia societaria\ny la institucionalizaci\u00f3n, adem\u00e1s de la necesidad de colocaci\u00f3n en una clase\nespecial de d\u00eda una vez que el ni\u00f1o alcanza la edad escolar. <\/li><\/ul>\n\n\n\n<p>[Cal. Ed.\nCode Sec. 56441].<\/p>\n","protected":false},"excerpt":{"rendered":"<p>La Legislatura de California establece que estos son uno de los beneficios de los programas de educaci\u00f3n preescolar proporcionados en un \u201centorno t\u00edpico\u201d y adecuado&hellip;<\/p>\n","protected":false},"author":1,"featured_media":0,"parent":357,"menu_order":2,"comment_status":"closed","ping_status":"closed","template":"","meta":{"footnotes":""},"class_list":["post-897","page","type-page","status-publish","hentry"],"_links":{"self":[{"href":"https:\/\/serr.disabilityrightsca.org\/sp\/wp-json\/wp\/v2\/pages\/897","targetHints":{"allow":["GET"]}}],"collection":[{"href":"https:\/\/serr.disabilityrightsca.org\/sp\/wp-json\/wp\/v2\/pages"}],"about":[{"href":"https:\/\/serr.disabilityrightsca.org\/sp\/wp-json\/wp\/v2\/types\/page"}],"author":[{"embeddable":true,"href":"https:\/\/serr.disabilityrightsca.org\/sp\/wp-json\/wp\/v2\/users\/1"}],"replies":[{"embeddable":true,"href":"https:\/\/serr.disabilityrightsca.org\/sp\/wp-json\/wp\/v2\/comments?post=897"}],"version-history":[{"count":4,"href":"https:\/\/serr.disabilityrightsca.org\/sp\/wp-json\/wp\/v2\/pages\/897\/revisions"}],"predecessor-version":[{"id":3915,"href":"https:\/\/serr.disabilityrightsca.org\/sp\/wp-json\/wp\/v2\/pages\/897\/revisions\/3915"}],"up":[{"embeddable":true,"href":"https:\/\/serr.disabilityrightsca.org\/sp\/wp-json\/wp\/v2\/pages\/357"}],"wp:attachment":[{"href":"https:\/\/serr.disabilityrightsca.org\/sp\/wp-json\/wp\/v2\/media?parent=897"}],"curies":[{"name":"wp","href":"https:\/\/api.w.org\/{rel}","templated":true}]}}